{"id":722,"date":"2020-05-20T15:21:34","date_gmt":"2020-05-20T19:21:34","guid":{"rendered":"https:\/\/immigrant-entrepreneur.ca\/?page_id=722"},"modified":"2020-05-26T15:37:44","modified_gmt":"2020-05-26T19:37:44","slug":"le-cabinet","status":"publish","type":"page","link":"https:\/\/immigrant-entrepreneur.ca\/?page_id=722","title":{"rendered":"LE CABINET"},"content":{"rendered":"\t\t<div data-elementor-type=\"wp-page\" data-elementor-id=\"722\" class=\"elementor elementor-722\">\n\t\t\t\t\t\t<section class=\"elementor-section elementor-top-section elementor-element elementor-element-47040fe elementor-section-boxed elementor-section-height-default elementor-section-height-default\" data-id=\"47040fe\" data-element_type=\"section\">\n\t\t\t\t\t\t<div class=\"elementor-container elementor-column-gap-default\">\n\t\t\t\t\t<div class=\"elementor-column elementor-col-100 elementor-top-column elementor-element elementor-element-87e7183\" data-id=\"87e7183\" data-element_type=\"column\">\n\t\t\t<div class=\"elementor-widget-wrap elementor-element-populated\">\n\t\t\t\t\t\t<div class=\"elementor-element elementor-element-0ea87f9 elementor-widget elementor-widget-image\" data-id=\"0ea87f9\" data-element_type=\"widget\" data-widget_type=\"image.default\">\n\t\t\t\t<div class=\"elementor-widget-container\">\n\t\t\t\t\t\t\t\t\t\t\t\t\t\t\t<img fetchpriority=\"high\" decoding=\"async\" width=\"2560\" height=\"392\" src=\"https:\/\/immigrant-entrepreneur.ca\/wp-content\/uploads\/2020\/05\/Banner-La-Firma-2-scaled.jpg\" class=\"attachment-full size-full wp-image-769\" alt=\"\" srcset=\"https:\/\/immigrant-entrepreneur.ca\/wp-content\/uploads\/2020\/05\/Banner-La-Firma-2-scaled.jpg 2560w, https:\/\/immigrant-entrepreneur.ca\/wp-content\/uploads\/2020\/05\/Banner-La-Firma-2-300x46.jpg 300w, https:\/\/immigrant-entrepreneur.ca\/wp-content\/uploads\/2020\/05\/Banner-La-Firma-2-1024x157.jpg 1024w, https:\/\/immigrant-entrepreneur.ca\/wp-content\/uploads\/2020\/05\/Banner-La-Firma-2-768x118.jpg 768w, https:\/\/immigrant-entrepreneur.ca\/wp-content\/uploads\/2020\/05\/Banner-La-Firma-2-1536x235.jpg 1536w, https:\/\/immigrant-entrepreneur.ca\/wp-content\/uploads\/2020\/05\/Banner-La-Firma-2-2048x314.jpg 2048w\" sizes=\"(max-width: 2560px) 100vw, 2560px\" \/>\t\t\t\t\t\t\t\t\t\t\t\t\t\t\t<\/div>\n\t\t\t\t<\/div>\n\t\t\t\t\t<\/div>\n\t\t<\/div>\n\t\t\t\t\t<\/div>\n\t\t<\/section>\n\t\t\t\t<section class=\"elementor-section elementor-top-section elementor-element elementor-element-a4e52c3 elementor-section-boxed elementor-section-height-default elementor-section-height-default\" data-id=\"a4e52c3\" data-element_type=\"section\">\n\t\t\t\t\t\t<div class=\"elementor-container elementor-column-gap-default\">\n\t\t\t\t\t<div class=\"elementor-column elementor-col-50 elementor-top-column elementor-element elementor-element-aa3f568\" data-id=\"aa3f568\" data-element_type=\"column\">\n\t\t\t<div class=\"elementor-widget-wrap elementor-element-populated\">\n\t\t\t\t\t\t<div class=\"elementor-element elementor-element-534c26b elementor-widget elementor-widget-text-editor\" data-id=\"534c26b\" data-element_type=\"widget\" data-widget_type=\"text-editor.default\">\n\t\t\t\t<div class=\"elementor-widget-container\">\n\t\t\t\t\t\t\t\t\t<h4><b>LE CABINET<\/b><\/h4><p><b>Wellstein Mora Rodriguez International s.a.<\/b><span style=\"font-weight: 400;\"> est le deuxi\u00e8me bureau nord-am\u00e9ricain de l\u2019\u00e9tude l\u00e9gale, initialement fond\u00e9e \u00e0 Washington, DC. Les domaines de pratique principaux du bureau de Montr\u00e9al sont orient\u00e9s vers le droit corporatif et des affaires, le droit de l\u2019immigration au Canada, le litige civil et commercial et les affaires l\u00e9gales internationales.<\/span><\/p><p><span style=\"font-weight: 400;\">Le bureau de Montr\u00e9al partage la solide exp\u00e9rience du cabinet en assistance aux entreprises en expansion dans la r\u00e9gion d\u2019Am\u00e9rique latine. \u00c0 ce titre, le bureau travaille en lien \u00e9troit avec les avocats des bureaux affili\u00e9s \u00e0 Washington DC ainsi qu\u2019avec son r\u00e9seau de conseils locaux correspondants afin de d\u00e9velopper et offrir des solutions compl\u00e8tes et sur mesure aux entreprises cherchant \u00e0 \u00e9tendre leurs op\u00e9rations ou transactions avec des clients et fournisseurs dans les diff\u00e9rents pays d\u2019Am\u00e9rique latine.<\/span><\/p><p><span style=\"font-weight: 400;\">En mati\u00e8re d\u2019immigration, le bureau montr\u00e9alais du cabinet est d\u00e9di\u00e9 \u00e0 la pr\u00e9paration des dossiers de r\u00e9sidence permanente (programme des travailleurs qualifi\u00e9s au Qu\u00e9bec, des entrepreneurs, des investisseurs et du parrainage), de permis de travail pour travailleurs \u00e9trangers temporaires et de permis d\u2019\u00e9tudes.<\/span><\/p><p><span style=\"font-weight: 400;\">Le syst\u00e8me juridique du Qu\u00e9bec \u00e9tant de tradition civiliste, l\u2019expertise du bureau de Montr\u00e9al int\u00e9resse particuli\u00e8rement les entreprises et les entrepreneurs faisant affaires ou confront\u00e9s \u00e0 des questions juridiques en cette province du Canada et en d\u2019autres pays de droit civil codifi\u00e9, tels que ceux d\u2019Am\u00e9rique latine et plusieurs autres des Cara\u00efbes et d\u2019Europe continentale.<\/span><\/p><p><span style=\"font-weight: 400;\">Le bureau de Montr\u00e9al est compos\u00e9 d\u2019avocats plurilingues ma\u00eetrisant le fran\u00e7ais, l\u2019anglais et l\u2019espagnol. Les cultures latino-am\u00e9ricaines et europ\u00e9ennes de l\u2019\u00e9quipe permettent d\u2019assurer des liens \u00e9troits avec ses clients.<\/span><\/p>\t\t\t\t\t\t\t\t<\/div>\n\t\t\t\t<\/div>\n\t\t\t\t\t<\/div>\n\t\t<\/div>\n\t\t\t\t<div class=\"elementor-column elementor-col-50 elementor-top-column elementor-element elementor-element-c8108e6\" data-id=\"c8108e6\" data-element_type=\"column\">\n\t\t\t<div class=\"elementor-widget-wrap elementor-element-populated\">\n\t\t\t\t\t\t<div class=\"elementor-element elementor-element-32ab0c9 elementor-widget elementor-widget-wp-widget-recent-posts\" data-id=\"32ab0c9\" data-element_type=\"widget\" data-widget_type=\"wp-widget-recent-posts.default\">\n\t\t\t\t<div class=\"elementor-widget-container\">\n\t\t\t\t\t\n\t\t\n\t\t<h5>Derniers articles<\/h5>\n\t\t<ul>\n\t\t\t\t\t\t\t\t\t\t\t<li>\n\t\t\t\t\t<a href=\"https:\/\/immigrant-entrepreneur.ca\/?p=610&#038;lang=en\">Top 7 Immigration Mistakes to be Avoided<\/a>\n\t\t\t\t\t\t\t\t\t<\/li>\n\t\t\t\t\t\t\t\t\t\t\t<li>\n\t\t\t\t\t<a href=\"https:\/\/immigrant-entrepreneur.ca\/?p=538\">Les 7 erreurs \u00e0 ne pas commettre au cours de son immigration au Canada<\/a>\n\t\t\t\t\t\t\t\t\t<\/li>\n\t\t\t\t\t<\/ul>\n\n\t\t\t\t\t\t<\/div>\n\t\t\t\t<\/div>\n\t\t\t\t<div class=\"elementor-element elementor-element-6e3ac7d elementor-widget elementor-widget-wp-widget-categories\" data-id=\"6e3ac7d\" data-element_type=\"widget\" data-widget_type=\"wp-widget-categories.default\">\n\t\t\t\t<div class=\"elementor-widget-container\">\n\t\t\t\t\t<h5>Categories<\/h5><form action=\"https:\/\/immigrant-entrepreneur.ca\" method=\"get\"><label class=\"screen-reader-text\" for=\"cat\">Categories<\/label><select  name='cat' id='cat' class='postform'>\n\t<option value='-1'>Select Category<\/option>\n\t<option class=\"level-0\" value=\"2\">Immigration<\/option>\n\t<option class=\"level-0\" value=\"23\">Immigration<\/option>\n<\/select>\n<\/form><script type=\"text\/javascript\">\n\/* <![CDATA[ *\/\n\n(function() {\n\tvar dropdown = document.getElementById( \"cat\" );\n\tfunction onCatChange() {\n\t\tif ( dropdown.options[ dropdown.selectedIndex ].value > 0 ) {\n\t\t\tdropdown.parentNode.submit();\n\t\t}\n\t}\n\tdropdown.onchange = onCatChange;\n})();\n\n\/* ]]> *\/\n<\/script>\n\t\t\t\t<\/div>\n\t\t\t\t<\/div>\n\t\t\t\t<div class=\"elementor-element elementor-element-29920ee elementor-widget elementor-widget-wp-widget-tag_cloud\" data-id=\"29920ee\" data-element_type=\"widget\" data-widget_type=\"wp-widget-tag_cloud.default\">\n\t\t\t\t<div class=\"elementor-widget-container\">\n\t\t\t\t\t<h5>\u00c9tiquettes<\/h5><div class=\"tagcloud\"><a href=\"https:\/\/immigrant-entrepreneur.ca\/?tag=erreurs\" class=\"tag-cloud-link tag-link-3 tag-link-position-1\" style=\"font-size: 8pt;\" aria-label=\"erreurs (1 item)\">erreurs<\/a>\n<a href=\"https:\/\/immigrant-entrepreneur.ca\/?tag=mistakes&#038;lang=en\" class=\"tag-cloud-link tag-link-25 tag-link-position-2\" style=\"font-size: 8pt;\" aria-label=\"mistakes (1 item)\">mistakes<\/a>\n<a href=\"https:\/\/immigrant-entrepreneur.ca\/?tag=planification\" class=\"tag-cloud-link tag-link-4 tag-link-position-3\" style=\"font-size: 8pt;\" aria-label=\"planification (1 item)\">planification<\/a>\n<a href=\"https:\/\/immigrant-entrepreneur.ca\/?tag=planning&#038;lang=en\" class=\"tag-cloud-link tag-link-27 tag-link-position-4\" style=\"font-size: 8pt;\" aria-label=\"planning (1 item)\">planning<\/a><\/div>\n\t\t\t\t<\/div>\n\t\t\t\t<\/div>\n\t\t\t\t<div class=\"elementor-element elementor-element-a253cdc elementor-widget elementor-widget-wp-widget-search\" data-id=\"a253cdc\" data-element_type=\"widget\" data-widget_type=\"wp-widget-search.default\">\n\t\t\t\t<div class=\"elementor-widget-container\">\n\t\t\t\t\t<form role=\"search\" class=\"search-form\" action=\"https:\/\/immigrant-entrepreneur.ca\/\">\r\n <div>\r\n  <label class=\"sr-only\">Search for:<\/label>\r\n   <input type=\"text\" name=\"s\" value=\"\" placeholder=\"Search&hellip;\">\r\n   <input type=\"submit\" value=\"\">\r\n  <\/div>\r\n <\/form>\t\t\t\t<\/div>\n\t\t\t\t<\/div>\n\t\t\t\t\t<\/div>\n\t\t<\/div>\n\t\t\t\t\t<\/div>\n\t\t<\/section>\n\t\t\t\t<\/div>\n\t\t","protected":false},"excerpt":{"rendered":"<p>LE CABINET Wellstein Mora Rodriguez International s.a. est le deuxi\u00e8me bureau nord-am\u00e9ricain de l\u2019\u00e9tude l\u00e9gale, initialement fond\u00e9e \u00e0 Washington, DC. Les domaines de pratique principaux du bureau de Montr\u00e9al sont orient\u00e9s vers le droit corporatif et des affaires, le droit de l\u2019immigration au Canada, le litige civil et commercial et les affaires l\u00e9gales internationales. Le [&hellip;]<\/p>\n","protected":false},"author":2,"featured_media":0,"parent":0,"menu_order":0,"comment_status":"closed","ping_status":"closed","template":"","meta":{"footnotes":""},"class_list":["post-722","page","type-page","status-publish","hentry"],"yoast_head":"<!-- This site is optimized with the Yoast SEO plugin v25.8 - https:\/\/yoast.com\/wordpress\/plugins\/seo\/ -->\n<title>LE CABINET - Immigrant Entrepreneur<\/title>\n<meta name=\"robots\" content=\"index, follow, max-snippet:-1, max-image-preview:large, max-video-preview:-1\" \/>\n<link rel=\"canonical\" href=\"https:\/\/immigrant-entrepreneur.ca\/?page_id=722\" \/>\n<meta property=\"og:locale\" content=\"en_US\" \/>\n<meta property=\"og:type\" content=\"article\" \/>\n<meta property=\"og:title\" content=\"LE CABINET - Immigrant Entrepreneur\" \/>\n<meta property=\"og:description\" content=\"LE CABINET Wellstein Mora Rodriguez International s.a. est le deuxi\u00e8me bureau nord-am\u00e9ricain de l\u2019\u00e9tude l\u00e9gale, initialement fond\u00e9e \u00e0 Washington, DC. Les domaines de pratique principaux du bureau de Montr\u00e9al sont orient\u00e9s vers le droit corporatif et des affaires, le droit de l\u2019immigration au Canada, le litige civil et commercial et les affaires l\u00e9gales internationales. Le [&hellip;]\" \/>\n<meta property=\"og:url\" content=\"https:\/\/immigrant-entrepreneur.ca\/?page_id=722\" \/>\n<meta property=\"og:site_name\" content=\"Immigrant Entrepreneur\" \/>\n<meta property=\"article:modified_time\" content=\"2020-05-26T19:37:44+00:00\" \/>\n<meta property=\"og:image\" content=\"https:\/\/immigrant-entrepreneur.ca\/wp-content\/uploads\/2020\/05\/Banner-La-Firma-2-scaled.jpg\" \/>\n<meta name=\"twitter:card\" content=\"summary_large_image\" \/>\n<meta name=\"twitter:label1\" content=\"Est. reading time\" \/>\n\t<meta name=\"twitter:data1\" content=\"2 minutes\" \/>\n<script type=\"application\/ld+json\" class=\"yoast-schema-graph\">{\"@context\":\"https:\/\/schema.org\",\"@graph\":[{\"@type\":\"WebPage\",\"@id\":\"https:\/\/immigrant-entrepreneur.ca\/?page_id=722\",\"url\":\"https:\/\/immigrant-entrepreneur.ca\/?page_id=722\",\"name\":\"LE CABINET - Immigrant Entrepreneur\",\"isPartOf\":{\"@id\":\"https:\/\/immigrant-entrepreneur.ca\/#website\"},\"primaryImageOfPage\":{\"@id\":\"https:\/\/immigrant-entrepreneur.ca\/?page_id=722#primaryimage\"},\"image\":{\"@id\":\"https:\/\/immigrant-entrepreneur.ca\/?page_id=722#primaryimage\"},\"thumbnailUrl\":\"https:\/\/immigrant-entrepreneur.ca\/wp-content\/uploads\/2020\/05\/Banner-La-Firma-2-scaled.jpg\",\"datePublished\":\"2020-05-20T19:21:34+00:00\",\"dateModified\":\"2020-05-26T19:37:44+00:00\",\"breadcrumb\":{\"@id\":\"https:\/\/immigrant-entrepreneur.ca\/?page_id=722#breadcrumb\"},\"inLanguage\":\"en-US\",\"potentialAction\":[{\"@type\":\"ReadAction\",\"target\":[\"https:\/\/immigrant-entrepreneur.ca\/?page_id=722\"]}]},{\"@type\":\"ImageObject\",\"inLanguage\":\"en-US\",\"@id\":\"https:\/\/immigrant-entrepreneur.ca\/?page_id=722#primaryimage\",\"url\":\"https:\/\/immigrant-entrepreneur.ca\/wp-content\/uploads\/2020\/05\/Banner-La-Firma-2-scaled.jpg\",\"contentUrl\":\"https:\/\/immigrant-entrepreneur.ca\/wp-content\/uploads\/2020\/05\/Banner-La-Firma-2-scaled.jpg\",\"width\":2560,\"height\":392},{\"@type\":\"BreadcrumbList\",\"@id\":\"https:\/\/immigrant-entrepreneur.ca\/?page_id=722#breadcrumb\",\"itemListElement\":[{\"@type\":\"ListItem\",\"position\":1,\"name\":\"Home\",\"item\":\"https:\/\/immigrant-entrepreneur.ca\/\"},{\"@type\":\"ListItem\",\"position\":2,\"name\":\"LE CABINET\"}]},{\"@type\":\"WebSite\",\"@id\":\"https:\/\/immigrant-entrepreneur.ca\/#website\",\"url\":\"https:\/\/immigrant-entrepreneur.ca\/\",\"name\":\"Immigrant Entrepreneur\",\"description\":\"\",\"potentialAction\":[{\"@type\":\"SearchAction\",\"target\":{\"@type\":\"EntryPoint\",\"urlTemplate\":\"https:\/\/immigrant-entrepreneur.ca\/?s={search_term_string}\"},\"query-input\":{\"@type\":\"PropertyValueSpecification\",\"valueRequired\":true,\"valueName\":\"search_term_string\"}}],\"inLanguage\":\"en-US\"}]}<\/script>\n<!-- \/ Yoast SEO plugin. -->","yoast_head_json":{"title":"LE CABINET - Immigrant Entrepreneur","robots":{"index":"index","follow":"follow","max-snippet":"max-snippet:-1","max-image-preview":"max-image-preview:large","max-video-preview":"max-video-preview:-1"},"canonical":"https:\/\/immigrant-entrepreneur.ca\/?page_id=722","og_locale":"en_US","og_type":"article","og_title":"LE CABINET - Immigrant Entrepreneur","og_description":"LE CABINET Wellstein Mora Rodriguez International s.a. est le deuxi\u00e8me bureau nord-am\u00e9ricain de l\u2019\u00e9tude l\u00e9gale, initialement fond\u00e9e \u00e0 Washington, DC. Les domaines de pratique principaux du bureau de Montr\u00e9al sont orient\u00e9s vers le droit corporatif et des affaires, le droit de l\u2019immigration au Canada, le litige civil et commercial et les affaires l\u00e9gales internationales. Le [&hellip;]","og_url":"https:\/\/immigrant-entrepreneur.ca\/?page_id=722","og_site_name":"Immigrant Entrepreneur","article_modified_time":"2020-05-26T19:37:44+00:00","og_image":[{"url":"https:\/\/immigrant-entrepreneur.ca\/wp-content\/uploads\/2020\/05\/Banner-La-Firma-2-scaled.jpg","type":"","width":"","height":""}],"twitter_card":"summary_large_image","twitter_misc":{"Est. reading time":"2 minutes"},"schema":{"@context":"https:\/\/schema.org","@graph":[{"@type":"WebPage","@id":"https:\/\/immigrant-entrepreneur.ca\/?page_id=722","url":"https:\/\/immigrant-entrepreneur.ca\/?page_id=722","name":"LE CABINET - Immigrant Entrepreneur","isPartOf":{"@id":"https:\/\/immigrant-entrepreneur.ca\/#website"},"primaryImageOfPage":{"@id":"https:\/\/immigrant-entrepreneur.ca\/?page_id=722#primaryimage"},"image":{"@id":"https:\/\/immigrant-entrepreneur.ca\/?page_id=722#primaryimage"},"thumbnailUrl":"https:\/\/immigrant-entrepreneur.ca\/wp-content\/uploads\/2020\/05\/Banner-La-Firma-2-scaled.jpg","datePublished":"2020-05-20T19:21:34+00:00","dateModified":"2020-05-26T19:37:44+00:00","breadcrumb":{"@id":"https:\/\/immigrant-entrepreneur.ca\/?page_id=722#breadcrumb"},"inLanguage":"en-US","potentialAction":[{"@type":"ReadAction","target":["https:\/\/immigrant-entrepreneur.ca\/?page_id=722"]}]},{"@type":"ImageObject","inLanguage":"en-US","@id":"https:\/\/immigrant-entrepreneur.ca\/?page_id=722#primaryimage","url":"https:\/\/immigrant-entrepreneur.ca\/wp-content\/uploads\/2020\/05\/Banner-La-Firma-2-scaled.jpg","contentUrl":"https:\/\/immigrant-entrepreneur.ca\/wp-content\/uploads\/2020\/05\/Banner-La-Firma-2-scaled.jpg","width":2560,"height":392},{"@type":"BreadcrumbList","@id":"https:\/\/immigrant-entrepreneur.ca\/?page_id=722#breadcrumb","itemListElement":[{"@type":"ListItem","position":1,"name":"Home","item":"https:\/\/immigrant-entrepreneur.ca\/"},{"@type":"ListItem","position":2,"name":"LE CABINET"}]},{"@type":"WebSite","@id":"https:\/\/immigrant-entrepreneur.ca\/#website","url":"https:\/\/immigrant-entrepreneur.ca\/","name":"Immigrant Entrepreneur","description":"","potentialAction":[{"@type":"SearchAction","target":{"@type":"EntryPoint","urlTemplate":"https:\/\/immigrant-entrepreneur.ca\/?s={search_term_string}"},"query-input":{"@type":"PropertyValueSpecification","valueRequired":true,"valueName":"search_term_string"}}],"inLanguage":"en-US"}]}},"_links":{"self":[{"href":"https:\/\/immigrant-entrepreneur.ca\/index.php?rest_route=\/wp\/v2\/pages\/722","targetHints":{"allow":["GET"]}}],"collection":[{"href":"https:\/\/immigrant-entrepreneur.ca\/index.php?rest_route=\/wp\/v2\/pages"}],"about":[{"href":"https:\/\/immigrant-entrepreneur.ca\/index.php?rest_route=\/wp\/v2\/types\/page"}],"author":[{"embeddable":true,"href":"https:\/\/immigrant-entrepreneur.ca\/index.php?rest_route=\/wp\/v2\/users\/2"}],"replies":[{"embeddable":true,"href":"https:\/\/immigrant-entrepreneur.ca\/index.php?rest_route=%2Fwp%2Fv2%2Fcomments&post=722"}],"version-history":[{"count":5,"href":"https:\/\/immigrant-entrepreneur.ca\/index.php?rest_route=\/wp\/v2\/pages\/722\/revisions"}],"predecessor-version":[{"id":978,"href":"https:\/\/immigrant-entrepreneur.ca\/index.php?rest_route=\/wp\/v2\/pages\/722\/revisions\/978"}],"wp:attachment":[{"href":"https:\/\/immigrant-entrepreneur.ca\/index.php?rest_route=%2Fwp%2Fv2%2Fmedia&parent=722"}],"curies":[{"name":"wp","href":"https:\/\/api.w.org\/{rel}","templated":true}]}}